{"id":747,"date":"2024-07-20T15:41:50","date_gmt":"2024-07-20T13:41:50","guid":{"rendered":"https:\/\/laltragarrotxa.com\/home\/"},"modified":"2024-09-01T11:24:01","modified_gmt":"2024-09-01T09:24:01","slug":"home","status":"publish","type":"page","link":"https:\/\/laltragarrotxa.com\/es\/","title":{"rendered":"Home"},"content":{"rendered":"\t\t<div data-elementor-type=\"wp-page\" data-elementor-id=\"747\" class=\"elementor elementor-747 elementor-30\" data-elementor-post-type=\"page\">\n\t\t\t\t<div class=\"elementor-element elementor-element-dd14c77 e-flex e-con-boxed e-con e-parent\" data-id=\"dd14c77\" data-element_type=\"container\">\n\t\t\t\t\t<div class=\"e-con-inner\">\n\t\t\t\t<div class=\"elementor-element elementor-element-48fd16a elementor-widget elementor-widget-heading\" data-id=\"48fd16a\" data-element_type=\"widget\" data-widget_type=\"heading.default\">\n\t\t\t\t<div class=\"elementor-widget-container\">\n\t\t\t<style>\/*! elementor - v3.23.0 - 05-08-2024 *\/\n.elementor-heading-title{padding:0;margin:0;line-height:1}.elementor-widget-heading .elementor-heading-title[class*=elementor-size-]>a{color:inherit;font-size:inherit;line-height:inherit}.elementor-widget-heading .elementor-heading-title.elementor-size-small{font-size:15px}.elementor-widget-heading .elementor-heading-title.elementor-size-medium{font-size:19px}.elementor-widget-heading .elementor-heading-title.elementor-size-large{font-size:29px}.elementor-widget-heading .elementor-heading-title.elementor-size-xl{font-size:39px}.elementor-widget-heading .elementor-heading-title.elementor-size-xxl{font-size:59px}<\/style><h1 class=\"elementor-heading-title elementor-size-default\">Tallers i activitats exclusives a l'Alta Garrotxa<\/h1>\t\t<\/div>\n\t\t\t\t<\/div>\n\t\t\t\t<div class=\"elementor-element elementor-element-598e1d6 elementor-widget elementor-widget-text-editor\" data-id=\"598e1d6\" data-element_type=\"widget\" data-widget_type=\"text-editor.default\">\n\t\t\t\t<div class=\"elementor-widget-container\">\n\t\t\t<style>\/*! elementor - v3.23.0 - 05-08-2024 *\/\n.elementor-widget-text-editor.elementor-drop-cap-view-stacked .elementor-drop-cap{background-color:#69727d;color:#fff}.elementor-widget-text-editor.elementor-drop-cap-view-framed .elementor-drop-cap{color:#69727d;border:3px solid;background-color:transparent}.elementor-widget-text-editor:not(.elementor-drop-cap-view-default) .elementor-drop-cap{margin-top:8px}.elementor-widget-text-editor:not(.elementor-drop-cap-view-default) .elementor-drop-cap-letter{width:1em;height:1em}.elementor-widget-text-editor .elementor-drop-cap{float:left;text-align:center;line-height:1;font-size:50px}.elementor-widget-text-editor .elementor-drop-cap-letter{display:inline-block}<\/style>\t\t\t\t<p>Senderisme, fotografia, astronomia, natura, hist\u00f2ria i molt m\u00e9s&#8230; amb activitats disponibles <a href=\"#totlany\">tot l&#8217;any<\/a> i amb propostes <a href=\"#temporada\">de temporada<\/a>.<\/p>\n\t\t\t\t\t\t<\/div>\n\t\t\t\t<\/div>\n\t\t\t\t\t<\/div>\n\t\t\t\t<\/div>\n\t\t<div class=\"elementor-element elementor-element-d14854f e-flex e-con-boxed e-con e-parent\" data-id=\"d14854f\" data-element_type=\"container\" id=\"totlany\">\n\t\t\t\t\t<div class=\"e-con-inner\">\n\t\t\t\t<div class=\"elementor-element elementor-element-af67391 elementor-widget elementor-widget-heading\" data-id=\"af67391\" data-element_type=\"widget\" data-widget_type=\"heading.default\">\n\t\t\t\t<div class=\"elementor-widget-container\">\n\t\t\t<h2 class=\"elementor-heading-title elementor-size-default\">Tot l'any<\/h2>\t\t<\/div>\n\t\t\t\t<\/div>\n\t\t\t\t<div class=\"elementor-element elementor-element-bc6ae18 elementor-widget elementor-widget-text-editor\" data-id=\"bc6ae18\" data-element_type=\"widget\" data-widget_type=\"text-editor.default\">\n\t\t\t\t<div class=\"elementor-widget-container\">\n\t\t\t\t\t\t\t<p>Propostes disponibles tot l&#8217;any per grups redu\u00efts d&#8217;un m\u00e0xim de 6 persones.<\/p>\n<p><strong>*PREUS PER GRUP*<\/strong><\/p>\n\t\t\t\t\t\t<\/div>\n\t\t\t\t<\/div>\n\t\t\t\t\t<\/div>\n\t\t\t\t<\/div>\n\t\t<div class=\"elementor-element elementor-element-7a039fb e-flex e-con-boxed e-con e-parent\" data-id=\"7a039fb\" data-element_type=\"container\">\n\t\t\t\t\t<div class=\"e-con-inner\">\n\t\t\t\t<div class=\"elementor-element elementor-element-0050727 elementor-grid-4 elementor-grid-tablet-3 elementor-grid-mobile-2 elementor-products-grid elementor-wc-products elementor-widget elementor-widget-woocommerce-products\" data-id=\"0050727\" data-element_type=\"widget\" data-widget_type=\"woocommerce-products.default\">\n\t\t\t\t<div class=\"elementor-widget-container\">\n\t\t\t<link rel=\"stylesheet\" href=\"https:\/\/laltragarrotxa.com\/wp-content\/plugins\/elementor-pro\/assets\/css\/widget-woocommerce.min.css?ver=1725114004\"><div class=\"woocommerce columns-4 \"><ul class=\"products elementor-grid columns-4\">\n<li class=\"product type-product post-90 status-publish first instock product_cat-sempre-tot-lany has-post-thumbnail sold-individually taxable shipping-taxable purchasable product-type-simple\">\n\t<a href=\"https:\/\/laltragarrotxa.com\/es\/producte\/senderisme-mitja-jornada\/\" class=\"woocommerce-LoopProduct-link woocommerce-loop-product__link\"><img fetchpriority=\"high\" decoding=\"async\" width=\"300\" height=\"300\" src=\"https:\/\/laltragarrotxa.com\/wp-content\/uploads\/2024\/08\/DSF0651w-300x300.jpg\" class=\"attachment-woocommerce_thumbnail size-woocommerce_thumbnail\" alt=\"\" srcset=\"https:\/\/laltragarrotxa.com\/wp-content\/uploads\/2024\/08\/DSF0651w-300x300.jpg 300w, https:\/\/laltragarrotxa.com\/wp-content\/uploads\/2024\/08\/DSF0651w-1024x1024.jpg 1024w, https:\/\/laltragarrotxa.com\/wp-content\/uploads\/2024\/08\/DSF0651w-150x150.jpg 150w, https:\/\/laltragarrotxa.com\/wp-content\/uploads\/2024\/08\/DSF0651w-768x768.jpg 768w, https:\/\/laltragarrotxa.com\/wp-content\/uploads\/2024\/08\/DSF0651w-600x600.jpg 600w, https:\/\/laltragarrotxa.com\/wp-content\/uploads\/2024\/08\/DSF0651w-100x100.jpg 100w, https:\/\/laltragarrotxa.com\/wp-content\/uploads\/2024\/08\/DSF0651w.jpg 1400w\" sizes=\"(max-width: 300px) 100vw, 300px\" \/><h2 class=\"woocommerce-loop-product__title\">Senderisme, mitja jornada<\/h2>\n\t<span class=\"price\"><span class=\"woocommerce-Price-amount amount\"><bdi>240,00&nbsp;<span class=\"woocommerce-Price-currencySymbol\">&euro;<\/span><\/bdi><\/span><\/span>\n<\/a><a href=\"https:\/\/laltragarrotxa.com\/es\/producte\/senderisme-mitja-jornada\/\" rel=\"nofollow\" class=\"button\">Tria la data<\/a><span id=\"woocommerce_loop_add_to_cart_link_describedby_90\" class=\"screen-reader-text\">\n\t<\/span>\n<\/li>\n<li class=\"product type-product post-93 status-publish instock product_cat-sempre-tot-lany has-post-thumbnail sold-individually taxable shipping-taxable purchasable product-type-simple\">\n\t<a href=\"https:\/\/laltragarrotxa.com\/es\/producte\/astronomia\/\" class=\"woocommerce-LoopProduct-link woocommerce-loop-product__link\"><img decoding=\"async\" width=\"300\" height=\"300\" src=\"https:\/\/laltragarrotxa.com\/wp-content\/uploads\/2024\/08\/DSF3660-300x300.jpg\" class=\"attachment-woocommerce_thumbnail size-woocommerce_thumbnail\" alt=\"\" srcset=\"https:\/\/laltragarrotxa.com\/wp-content\/uploads\/2024\/08\/DSF3660-300x300.jpg 300w, https:\/\/laltragarrotxa.com\/wp-content\/uploads\/2024\/08\/DSF3660-150x150.jpg 150w, https:\/\/laltragarrotxa.com\/wp-content\/uploads\/2024\/08\/DSF3660-100x100.jpg 100w\" sizes=\"(max-width: 300px) 100vw, 300px\" \/><h2 class=\"woocommerce-loop-product__title\">Astronomia<\/h2>\n\t<span class=\"price\"><span class=\"woocommerce-Price-amount amount\"><bdi>280,00&nbsp;<span class=\"woocommerce-Price-currencySymbol\">&euro;<\/span><\/bdi><\/span><\/span>\n<\/a><a href=\"https:\/\/laltragarrotxa.com\/es\/producte\/astronomia\/\" rel=\"nofollow\" class=\"button\">Tria la data<\/a><span id=\"woocommerce_loop_add_to_cart_link_describedby_93\" class=\"screen-reader-text\">\n\t<\/span>\n<\/li>\n<li class=\"product type-product post-91 status-publish instock product_cat-sempre-tot-lany has-post-thumbnail sold-individually taxable shipping-taxable purchasable product-type-simple\">\n\t<a href=\"https:\/\/laltragarrotxa.com\/es\/producte\/senderisme-dia-complet\/\" class=\"woocommerce-LoopProduct-link woocommerce-loop-product__link\"><img decoding=\"async\" width=\"300\" height=\"300\" src=\"https:\/\/laltragarrotxa.com\/wp-content\/uploads\/2025\/05\/DSF4969-300x300.jpg\" class=\"attachment-woocommerce_thumbnail size-woocommerce_thumbnail\" alt=\"\" srcset=\"https:\/\/laltragarrotxa.com\/wp-content\/uploads\/2025\/05\/DSF4969-300x300.jpg 300w, https:\/\/laltragarrotxa.com\/wp-content\/uploads\/2025\/05\/DSF4969-150x150.jpg 150w, https:\/\/laltragarrotxa.com\/wp-content\/uploads\/2025\/05\/DSF4969-100x100.jpg 100w\" sizes=\"(max-width: 300px) 100vw, 300px\" \/><h2 class=\"woocommerce-loop-product__title\">Senderisme, dia complet<\/h2>\n\t<span class=\"price\"><span class=\"woocommerce-Price-amount amount\"><bdi>300,00&nbsp;<span class=\"woocommerce-Price-currencySymbol\">&euro;<\/span><\/bdi><\/span><\/span>\n<\/a><a href=\"https:\/\/laltragarrotxa.com\/es\/producte\/senderisme-dia-complet\/\" rel=\"nofollow\" class=\"button\">Tria la data<\/a><span id=\"woocommerce_loop_add_to_cart_link_describedby_91\" class=\"screen-reader-text\">\n\t<\/span>\n<\/li>\n<li class=\"product type-product post-94 status-publish last instock product_cat-sempre-tot-lany has-post-thumbnail sold-individually taxable shipping-taxable purchasable product-type-simple\">\n\t<a href=\"https:\/\/laltragarrotxa.com\/es\/producte\/astronomia-i-paisatge-nocturn\/\" class=\"woocommerce-LoopProduct-link woocommerce-loop-product__link\"><img loading=\"lazy\" decoding=\"async\" width=\"300\" height=\"300\" src=\"https:\/\/laltragarrotxa.com\/wp-content\/uploads\/2024\/08\/DSF1185web-300x300.jpg\" class=\"attachment-woocommerce_thumbnail size-woocommerce_thumbnail\" alt=\"\" srcset=\"https:\/\/laltragarrotxa.com\/wp-content\/uploads\/2024\/08\/DSF1185web-300x300.jpg 300w, https:\/\/laltragarrotxa.com\/wp-content\/uploads\/2024\/08\/DSF1185web-100x100.jpg 100w, https:\/\/laltragarrotxa.com\/wp-content\/uploads\/2024\/08\/DSF1185web-150x150.jpg 150w\" sizes=\"(max-width: 300px) 100vw, 300px\" \/><h2 class=\"woocommerce-loop-product__title\">Astrofotografia i paisatge nocturn<\/h2>\n\t<span class=\"price\"><span class=\"woocommerce-Price-amount amount\"><bdi>300,00&nbsp;<span class=\"woocommerce-Price-currencySymbol\">&euro;<\/span><\/bdi><\/span><\/span>\n<\/a><a href=\"https:\/\/laltragarrotxa.com\/es\/producte\/astronomia-i-paisatge-nocturn\/\" rel=\"nofollow\" class=\"button\">Tria la data<\/a><span id=\"woocommerce_loop_add_to_cart_link_describedby_94\" class=\"screen-reader-text\">\n\t<\/span>\n<\/li>\n<li class=\"product type-product post-86 status-publish first instock product_cat-sempre-tot-lany has-post-thumbnail sold-individually taxable shipping-taxable purchasable product-type-simple\">\n\t<a href=\"https:\/\/laltragarrotxa.com\/es\/producte\/arbres-monumentals\/\" class=\"woocommerce-LoopProduct-link woocommerce-loop-product__link\"><img loading=\"lazy\" decoding=\"async\" width=\"300\" height=\"300\" src=\"https:\/\/laltragarrotxa.com\/wp-content\/uploads\/2024\/08\/Y9A0150web-300x300.jpg\" class=\"attachment-woocommerce_thumbnail size-woocommerce_thumbnail\" alt=\"\" srcset=\"https:\/\/laltragarrotxa.com\/wp-content\/uploads\/2024\/08\/Y9A0150web-300x300.jpg 300w, https:\/\/laltragarrotxa.com\/wp-content\/uploads\/2024\/08\/Y9A0150web-100x100.jpg 100w, https:\/\/laltragarrotxa.com\/wp-content\/uploads\/2024\/08\/Y9A0150web-150x150.jpg 150w\" sizes=\"(max-width: 300px) 100vw, 300px\" \/><h2 class=\"woocommerce-loop-product__title\">Arbres monumentals<\/h2>\n\t<span class=\"price\"><span class=\"woocommerce-Price-amount amount\"><bdi>250,00&nbsp;<span class=\"woocommerce-Price-currencySymbol\">&euro;<\/span><\/bdi><\/span><\/span>\n<\/a><a href=\"https:\/\/laltragarrotxa.com\/es\/producte\/arbres-monumentals\/\" rel=\"nofollow\" class=\"button\">Tria la data<\/a><span id=\"woocommerce_loop_add_to_cart_link_describedby_86\" class=\"screen-reader-text\">\n\t<\/span>\n<\/li>\n<\/ul>\n<\/div>\t\t<\/div>\n\t\t\t\t<\/div>\n\t\t\t\t\t<\/div>\n\t\t\t\t<\/div>\n\t\t<div class=\"elementor-element elementor-element-caeb6a0 e-flex e-con-boxed e-con e-parent\" data-id=\"caeb6a0\" data-element_type=\"container\" id=\"temporada\">\n\t\t\t\t\t<div class=\"e-con-inner\">\n\t\t\t\t<div class=\"elementor-element elementor-element-2e6cb53 elementor-widget elementor-widget-heading\" data-id=\"2e6cb53\" data-element_type=\"widget\" data-widget_type=\"heading.default\">\n\t\t\t\t<div class=\"elementor-widget-container\">\n\t\t\t<h2 class=\"elementor-heading-title elementor-size-default\">De temporada<\/h2>\t\t<\/div>\n\t\t\t\t<\/div>\n\t\t\t\t<div class=\"elementor-element elementor-element-3c56788 elementor-widget elementor-widget-text-editor\" data-id=\"3c56788\" data-element_type=\"widget\" data-widget_type=\"text-editor.default\">\n\t\t\t\t<div class=\"elementor-widget-container\">\n\t\t\t\t\t\t\t<p>Propostes estacionals o en dies espec\u00edfics per grups redu\u00efts d&#8217;un m\u00e0xim de 6 persones.<\/p>\n\t\t\t\t\t\t<\/div>\n\t\t\t\t<\/div>\n\t\t\t\t\t<\/div>\n\t\t\t\t<\/div>\n\t\t<div class=\"elementor-element elementor-element-96ec7b2 e-flex e-con-boxed e-con e-parent\" data-id=\"96ec7b2\" data-element_type=\"container\">\n\t\t\t\t\t<div class=\"e-con-inner\">\n\t\t\t\t<div class=\"elementor-element elementor-element-bd5098e elementor-grid-4 elementor-grid-tablet-3 elementor-grid-mobile-2 elementor-products-grid elementor-wc-products elementor-widget elementor-widget-woocommerce-products\" data-id=\"bd5098e\" data-element_type=\"widget\" data-widget_type=\"woocommerce-products.default\">\n\t\t\t\t<div class=\"elementor-widget-container\">\n\t\t\t<div class=\"woocommerce columns-4 \"><ul class=\"products elementor-grid columns-4\">\n<li class=\"product type-product post-69 status-publish first instock product_cat-de-temporada has-post-thumbnail sold-individually taxable shipping-taxable purchasable product-type-simple\">\n\t<a href=\"https:\/\/laltragarrotxa.com\/es\/producte\/transhumancia\/\" class=\"woocommerce-LoopProduct-link woocommerce-loop-product__link\"><img loading=\"lazy\" decoding=\"async\" width=\"300\" height=\"300\" src=\"https:\/\/laltragarrotxa.com\/wp-content\/uploads\/2024\/07\/DSF0430w-300x300.jpg\" class=\"attachment-woocommerce_thumbnail size-woocommerce_thumbnail\" alt=\"\" srcset=\"https:\/\/laltragarrotxa.com\/wp-content\/uploads\/2024\/07\/DSF0430w-300x300.jpg 300w, https:\/\/laltragarrotxa.com\/wp-content\/uploads\/2024\/07\/DSF0430w-100x100.jpg 100w, https:\/\/laltragarrotxa.com\/wp-content\/uploads\/2024\/07\/DSF0430w-150x150.jpg 150w\" sizes=\"(max-width: 300px) 100vw, 300px\" \/><h2 class=\"woocommerce-loop-product__title\">Transhum\u00e0ncia. (la baixada) 2025<\/h2>\n\t<span class=\"price\"><span class=\"woocommerce-Price-amount amount\"><bdi>250,00&nbsp;<span class=\"woocommerce-Price-currencySymbol\">&euro;<\/span><\/bdi><\/span><\/span>\n<\/a><a href=\"?add-to-cart=69\" aria-describedby=\"woocommerce_loop_add_to_cart_link_describedby_69\" data-quantity=\"1\" class=\"button product_type_simple add_to_cart_button ajax_add_to_cart\" data-product_id=\"69\" data-product_sku=\"\" aria-label=\"A\u00f1adir al carrito: &ldquo;Transhum\u00e0ncia. (la baixada) 2025&rdquo;\" rel=\"nofollow\">A\u00f1adir al carrito<\/a><span id=\"woocommerce_loop_add_to_cart_link_describedby_69\" class=\"screen-reader-text\">\n\t<\/span>\n<\/li>\n<li class=\"product type-product post-81 status-publish instock product_cat-de-temporada has-post-thumbnail taxable shipping-taxable purchasable product-type-simple\">\n\t<a href=\"https:\/\/laltragarrotxa.com\/es\/producte\/la-ronca-de-la-daina\/\" class=\"woocommerce-LoopProduct-link woocommerce-loop-product__link\"><img loading=\"lazy\" decoding=\"async\" width=\"300\" height=\"300\" src=\"https:\/\/laltragarrotxa.com\/wp-content\/uploads\/2024\/08\/DSF3347web-300x300.jpg\" class=\"attachment-woocommerce_thumbnail size-woocommerce_thumbnail\" alt=\"\" srcset=\"https:\/\/laltragarrotxa.com\/wp-content\/uploads\/2024\/08\/DSF3347web-300x300.jpg 300w, https:\/\/laltragarrotxa.com\/wp-content\/uploads\/2024\/08\/DSF3347web-100x100.jpg 100w, https:\/\/laltragarrotxa.com\/wp-content\/uploads\/2024\/08\/DSF3347web-150x150.jpg 150w\" sizes=\"(max-width: 300px) 100vw, 300px\" \/><h2 class=\"woocommerce-loop-product__title\">Ronca de la daina, observaci\u00f3 i fotografia. Setembre i Octubre<\/h2>\n\t<span class=\"price\"><span class=\"woocommerce-Price-amount amount\"><bdi>320,00&nbsp;<span class=\"woocommerce-Price-currencySymbol\">&euro;<\/span><\/bdi><\/span><\/span>\n<\/a><a href=\"?add-to-cart=81\" aria-describedby=\"woocommerce_loop_add_to_cart_link_describedby_81\" data-quantity=\"1\" class=\"button product_type_simple add_to_cart_button ajax_add_to_cart\" data-product_id=\"81\" data-product_sku=\"\" aria-label=\"A\u00f1adir al carrito: &ldquo;Ronca de la daina, observaci\u00f3 i fotografia. Setembre i Octubre&rdquo;\" rel=\"nofollow\">A\u00f1adir al carrito<\/a><span id=\"woocommerce_loop_add_to_cart_link_describedby_81\" class=\"screen-reader-text\">\n\t<\/span>\n<\/li>\n<li class=\"product type-product post-79 status-publish instock product_cat-de-temporada has-post-thumbnail taxable shipping-taxable purchasable product-type-simple\">\n\t<a href=\"https:\/\/laltragarrotxa.com\/es\/producte\/ocells-rapinyaires\/\" class=\"woocommerce-LoopProduct-link woocommerce-loop-product__link\"><img loading=\"lazy\" decoding=\"async\" width=\"300\" height=\"300\" src=\"https:\/\/laltragarrotxa.com\/wp-content\/uploads\/2024\/08\/DSF7912web-300x300.jpg\" class=\"attachment-woocommerce_thumbnail size-woocommerce_thumbnail\" alt=\"\" srcset=\"https:\/\/laltragarrotxa.com\/wp-content\/uploads\/2024\/08\/DSF7912web-300x300.jpg 300w, https:\/\/laltragarrotxa.com\/wp-content\/uploads\/2024\/08\/DSF7912web-100x100.jpg 100w, https:\/\/laltragarrotxa.com\/wp-content\/uploads\/2024\/08\/DSF7912web-150x150.jpg 150w\" sizes=\"(max-width: 300px) 100vw, 300px\" \/><h2 class=\"woocommerce-loop-product__title\">Rapinyaires, observaci\u00f3 i fotografia<\/h2>\n\t<span class=\"price\"><span class=\"woocommerce-Price-amount amount\"><bdi>300,00&nbsp;<span class=\"woocommerce-Price-currencySymbol\">&euro;<\/span><\/bdi><\/span><\/span>\n<\/a><a href=\"?add-to-cart=79\" aria-describedby=\"woocommerce_loop_add_to_cart_link_describedby_79\" data-quantity=\"1\" class=\"button product_type_simple add_to_cart_button ajax_add_to_cart\" data-product_id=\"79\" data-product_sku=\"\" aria-label=\"A\u00f1adir al carrito: &ldquo;Rapinyaires, observaci\u00f3 i fotografia&rdquo;\" rel=\"nofollow\">A\u00f1adir al carrito<\/a><span id=\"woocommerce_loop_add_to_cart_link_describedby_79\" class=\"screen-reader-text\">\n\t<\/span>\n<\/li>\n<li class=\"product type-product post-811 status-publish last instock product_cat-de-temporada has-post-thumbnail taxable shipping-taxable purchasable product-type-simple\">\n\t<a href=\"https:\/\/laltragarrotxa.com\/es\/producte\/nit-i-pic-comanegra\/\" class=\"woocommerce-LoopProduct-link woocommerce-loop-product__link\"><img loading=\"lazy\" decoding=\"async\" width=\"300\" height=\"300\" src=\"https:\/\/laltragarrotxa.com\/wp-content\/uploads\/2025\/05\/Y9A9645-300x300.jpg\" class=\"attachment-woocommerce_thumbnail size-woocommerce_thumbnail\" alt=\"\" srcset=\"https:\/\/laltragarrotxa.com\/wp-content\/uploads\/2025\/05\/Y9A9645-300x300.jpg 300w, https:\/\/laltragarrotxa.com\/wp-content\/uploads\/2025\/05\/Y9A9645-150x150.jpg 150w, https:\/\/laltragarrotxa.com\/wp-content\/uploads\/2025\/05\/Y9A9645-100x100.jpg 100w\" sizes=\"(max-width: 300px) 100vw, 300px\" \/><h2 class=\"woocommerce-loop-product__title\">Nit i Pic: Comanegra<\/h2>\n\t<span class=\"price\"><span class=\"woocommerce-Price-amount amount\"><bdi>240,00&nbsp;<span class=\"woocommerce-Price-currencySymbol\">&euro;<\/span><\/bdi><\/span><\/span>\n<\/a><a href=\"?add-to-cart=811\" aria-describedby=\"woocommerce_loop_add_to_cart_link_describedby_811\" data-quantity=\"1\" class=\"button product_type_simple add_to_cart_button ajax_add_to_cart\" data-product_id=\"811\" data-product_sku=\"\" aria-label=\"A\u00f1adir al carrito: &ldquo;Nit i Pic: Comanegra&rdquo;\" rel=\"nofollow\">A\u00f1adir al carrito<\/a><span id=\"woocommerce_loop_add_to_cart_link_describedby_811\" class=\"screen-reader-text\">\n\t<\/span>\n<\/li>\n<li class=\"product type-product post-788 status-publish first instock product_cat-de-temporada has-post-thumbnail taxable shipping-taxable purchasable product-type-simple\">\n\t<a href=\"https:\/\/laltragarrotxa.com\/es\/producte\/nit-i-pic-bassegoda\/\" class=\"woocommerce-LoopProduct-link woocommerce-loop-product__link\"><img loading=\"lazy\" decoding=\"async\" width=\"300\" height=\"300\" src=\"https:\/\/laltragarrotxa.com\/wp-content\/uploads\/2025\/05\/DSF4913-2-300x300.jpg\" class=\"attachment-woocommerce_thumbnail size-woocommerce_thumbnail\" alt=\"\" srcset=\"https:\/\/laltragarrotxa.com\/wp-content\/uploads\/2025\/05\/DSF4913-2-300x300.jpg 300w, https:\/\/laltragarrotxa.com\/wp-content\/uploads\/2025\/05\/DSF4913-2-150x150.jpg 150w, https:\/\/laltragarrotxa.com\/wp-content\/uploads\/2025\/05\/DSF4913-2-100x100.jpg 100w\" sizes=\"(max-width: 300px) 100vw, 300px\" \/><h2 class=\"woocommerce-loop-product__title\">Nit i Pic: Bassegoda<\/h2>\n\t<span class=\"price\"><span class=\"woocommerce-Price-amount amount\"><bdi>240,00&nbsp;<span class=\"woocommerce-Price-currencySymbol\">&euro;<\/span><\/bdi><\/span><\/span>\n<\/a><a href=\"?add-to-cart=788\" aria-describedby=\"woocommerce_loop_add_to_cart_link_describedby_788\" data-quantity=\"1\" class=\"button product_type_simple add_to_cart_button ajax_add_to_cart\" data-product_id=\"788\" data-product_sku=\"\" aria-label=\"A\u00f1adir al carrito: &ldquo;Nit i Pic: Bassegoda&rdquo;\" rel=\"nofollow\">A\u00f1adir al carrito<\/a><span id=\"woocommerce_loop_add_to_cart_link_describedby_788\" class=\"screen-reader-text\">\n\t<\/span>\n<\/li>\n<\/ul>\n<\/div>\t\t<\/div>\n\t\t\t\t<\/div>\n\t\t\t\t\t<\/div>\n\t\t\t\t<\/div>\n\t\t\t\t<\/div>\n\t\t","protected":false},"excerpt":{"rendered":"<p>Tallers i activitats exclusives a l&#8217;Alta Garrotxa Senderisme, fotografia, astronomia, natura, hist\u00f2ria i molt m\u00e9s&#8230; amb activitats disponibles tot l&#8217;any i amb propostes de temporada. Tot l&#8217;any Propostes disponibles tot l&#8217;any per grups redu\u00efts d&#8217;un m\u00e0xim de 6 persones. *PREUS PER GRUP* De temporada Propostes estacionals o en dies espec\u00edfics per grups redu\u00efts d&#8217;un m\u00e0xim [&hellip;]<\/p>\n","protected":false},"author":1,"featured_media":0,"parent":0,"menu_order":0,"comment_status":"closed","ping_status":"closed","template":"","meta":{"footnotes":""},"class_list":["post-747","page","type-page","status-publish","hentry"],"yoast_head":"<!-- This site is optimized with the Yoast SEO plugin v25.7 - https:\/\/yoast.com\/wordpress\/plugins\/seo\/ -->\n<title>L&#039;Altra Garrotxa - Experi\u00e8ncies singulars a l&#039;Alta Garrotxa<\/title>\n<meta name=\"description\" content=\"Tallers i activitats exclusives a l&#039;Alta Garrotxa. Propostes de temporada i experi\u00e8ncies tot l&#039;any. Guiatges, fotografia, transhum\u00e0ncia, astrologia, natura i molt m\u00e9s.\" \/>\n<meta name=\"robots\" content=\"index, follow, max-snippet:-1, max-image-preview:large, max-video-preview:-1\" \/>\n<link rel=\"canonical\" href=\"https:\/\/laltragarrotxa.com\/es\/\" \/>\n<meta property=\"og:locale\" content=\"es_ES\" \/>\n<meta property=\"og:type\" content=\"article\" \/>\n<meta property=\"og:title\" content=\"L&#039;Altra Garrotxa - Experi\u00e8ncies singulars a l&#039;Alta Garrotxa\" \/>\n<meta property=\"og:description\" content=\"Tallers i activitats exclusives a l&#039;Alta Garrotxa. Propostes de temporada i experi\u00e8ncies tot l&#039;any. Guiatges, fotografia, transhum\u00e0ncia, astrologia, natura i molt m\u00e9s.\" \/>\n<meta property=\"og:url\" content=\"https:\/\/laltragarrotxa.com\/es\/\" \/>\n<meta property=\"og:site_name\" content=\"L&#039;Altra Garrotxa\" \/>\n<meta property=\"article:modified_time\" content=\"2024-09-01T09:24:01+00:00\" \/>\n<meta name=\"twitter:card\" content=\"summary_large_image\" \/>\n<script type=\"application\/ld+json\" class=\"yoast-schema-graph\">{\"@context\":\"https:\/\/schema.org\",\"@graph\":[{\"@type\":\"WebPage\",\"@id\":\"https:\/\/laltragarrotxa.com\/es\/\",\"url\":\"https:\/\/laltragarrotxa.com\/es\/\",\"name\":\"L&#039;Altra Garrotxa - Experi\u00e8ncies singulars a l'Alta Garrotxa\",\"isPartOf\":{\"@id\":\"https:\/\/laltragarrotxa.com\/es\/#website\"},\"datePublished\":\"2024-07-20T13:41:50+00:00\",\"dateModified\":\"2024-09-01T09:24:01+00:00\",\"description\":\"Tallers i activitats exclusives a l'Alta Garrotxa. Propostes de temporada i experi\u00e8ncies tot l'any. Guiatges, fotografia, transhum\u00e0ncia, astrologia, natura i molt m\u00e9s.\",\"breadcrumb\":{\"@id\":\"https:\/\/laltragarrotxa.com\/es\/#breadcrumb\"},\"inLanguage\":\"es\",\"potentialAction\":[{\"@type\":\"ReadAction\",\"target\":[\"https:\/\/laltragarrotxa.com\/es\/\"]}]},{\"@type\":\"BreadcrumbList\",\"@id\":\"https:\/\/laltragarrotxa.com\/es\/#breadcrumb\",\"itemListElement\":[{\"@type\":\"ListItem\",\"position\":1,\"name\":\"Inici\",\"item\":\"https:\/\/laltragarrotxa.com\/es\/\"},{\"@type\":\"ListItem\",\"position\":2,\"name\":\"Home\"}]},{\"@type\":\"WebSite\",\"@id\":\"https:\/\/laltragarrotxa.com\/es\/#website\",\"url\":\"https:\/\/laltragarrotxa.com\/es\/\",\"name\":\"L'Altra Garrotxa\",\"description\":\"Tallers i activitats exclusives a l&#039;Alta Garrotxa\",\"publisher\":{\"@id\":\"https:\/\/laltragarrotxa.com\/es\/#organization\"},\"potentialAction\":[{\"@type\":\"SearchAction\",\"target\":{\"@type\":\"EntryPoint\",\"urlTemplate\":\"https:\/\/laltragarrotxa.com\/es\/?s={search_term_string}\"},\"query-input\":{\"@type\":\"PropertyValueSpecification\",\"valueRequired\":true,\"valueName\":\"search_term_string\"}}],\"inLanguage\":\"es\"},{\"@type\":\"Organization\",\"@id\":\"https:\/\/laltragarrotxa.com\/es\/#organization\",\"name\":\"L'Altra Garrotxa\",\"url\":\"https:\/\/laltragarrotxa.com\/es\/\",\"logo\":{\"@type\":\"ImageObject\",\"inLanguage\":\"es\",\"@id\":\"https:\/\/laltragarrotxa.com\/es\/#\/schema\/logo\/image\/\",\"url\":\"https:\/\/laltragarrotxa.com\/wp-content\/uploads\/2024\/07\/LALTrA-GARROTXA2-1.png\",\"contentUrl\":\"https:\/\/laltragarrotxa.com\/wp-content\/uploads\/2024\/07\/LALTrA-GARROTXA2-1.png\",\"width\":1699,\"height\":283,\"caption\":\"L'Altra Garrotxa\"},\"image\":{\"@id\":\"https:\/\/laltragarrotxa.com\/es\/#\/schema\/logo\/image\/\"}}]}<\/script>\n<!-- \/ Yoast SEO plugin. -->","yoast_head_json":{"title":"L&#039;Altra Garrotxa - Experi\u00e8ncies singulars a l'Alta Garrotxa","description":"Tallers i activitats exclusives a l'Alta Garrotxa. Propostes de temporada i experi\u00e8ncies tot l'any. Guiatges, fotografia, transhum\u00e0ncia, astrologia, natura i molt m\u00e9s.","robots":{"index":"index","follow":"follow","max-snippet":"max-snippet:-1","max-image-preview":"max-image-preview:large","max-video-preview":"max-video-preview:-1"},"canonical":"https:\/\/laltragarrotxa.com\/es\/","og_locale":"es_ES","og_type":"article","og_title":"L&#039;Altra Garrotxa - Experi\u00e8ncies singulars a l'Alta Garrotxa","og_description":"Tallers i activitats exclusives a l'Alta Garrotxa. Propostes de temporada i experi\u00e8ncies tot l'any. Guiatges, fotografia, transhum\u00e0ncia, astrologia, natura i molt m\u00e9s.","og_url":"https:\/\/laltragarrotxa.com\/es\/","og_site_name":"L&#039;Altra Garrotxa","article_modified_time":"2024-09-01T09:24:01+00:00","twitter_card":"summary_large_image","schema":{"@context":"https:\/\/schema.org","@graph":[{"@type":"WebPage","@id":"https:\/\/laltragarrotxa.com\/es\/","url":"https:\/\/laltragarrotxa.com\/es\/","name":"L&#039;Altra Garrotxa - Experi\u00e8ncies singulars a l'Alta Garrotxa","isPartOf":{"@id":"https:\/\/laltragarrotxa.com\/es\/#website"},"datePublished":"2024-07-20T13:41:50+00:00","dateModified":"2024-09-01T09:24:01+00:00","description":"Tallers i activitats exclusives a l'Alta Garrotxa. Propostes de temporada i experi\u00e8ncies tot l'any. Guiatges, fotografia, transhum\u00e0ncia, astrologia, natura i molt m\u00e9s.","breadcrumb":{"@id":"https:\/\/laltragarrotxa.com\/es\/#breadcrumb"},"inLanguage":"es","potentialAction":[{"@type":"ReadAction","target":["https:\/\/laltragarrotxa.com\/es\/"]}]},{"@type":"BreadcrumbList","@id":"https:\/\/laltragarrotxa.com\/es\/#breadcrumb","itemListElement":[{"@type":"ListItem","position":1,"name":"Inici","item":"https:\/\/laltragarrotxa.com\/es\/"},{"@type":"ListItem","position":2,"name":"Home"}]},{"@type":"WebSite","@id":"https:\/\/laltragarrotxa.com\/es\/#website","url":"https:\/\/laltragarrotxa.com\/es\/","name":"L'Altra Garrotxa","description":"Tallers i activitats exclusives a l&#039;Alta Garrotxa","publisher":{"@id":"https:\/\/laltragarrotxa.com\/es\/#organization"},"potentialAction":[{"@type":"SearchAction","target":{"@type":"EntryPoint","urlTemplate":"https:\/\/laltragarrotxa.com\/es\/?s={search_term_string}"},"query-input":{"@type":"PropertyValueSpecification","valueRequired":true,"valueName":"search_term_string"}}],"inLanguage":"es"},{"@type":"Organization","@id":"https:\/\/laltragarrotxa.com\/es\/#organization","name":"L'Altra Garrotxa","url":"https:\/\/laltragarrotxa.com\/es\/","logo":{"@type":"ImageObject","inLanguage":"es","@id":"https:\/\/laltragarrotxa.com\/es\/#\/schema\/logo\/image\/","url":"https:\/\/laltragarrotxa.com\/wp-content\/uploads\/2024\/07\/LALTrA-GARROTXA2-1.png","contentUrl":"https:\/\/laltragarrotxa.com\/wp-content\/uploads\/2024\/07\/LALTrA-GARROTXA2-1.png","width":1699,"height":283,"caption":"L'Altra Garrotxa"},"image":{"@id":"https:\/\/laltragarrotxa.com\/es\/#\/schema\/logo\/image\/"}}]}},"_links":{"self":[{"href":"https:\/\/laltragarrotxa.com\/es\/wp-json\/wp\/v2\/pages\/747","targetHints":{"allow":["GET"]}}],"collection":[{"href":"https:\/\/laltragarrotxa.com\/es\/wp-json\/wp\/v2\/pages"}],"about":[{"href":"https:\/\/laltragarrotxa.com\/es\/wp-json\/wp\/v2\/types\/page"}],"author":[{"embeddable":true,"href":"https:\/\/laltragarrotxa.com\/es\/wp-json\/wp\/v2\/users\/1"}],"replies":[{"embeddable":true,"href":"https:\/\/laltragarrotxa.com\/es\/wp-json\/wp\/v2\/comments?post=747"}],"version-history":[{"count":1,"href":"https:\/\/laltragarrotxa.com\/es\/wp-json\/wp\/v2\/pages\/747\/revisions"}],"predecessor-version":[{"id":748,"href":"https:\/\/laltragarrotxa.com\/es\/wp-json\/wp\/v2\/pages\/747\/revisions\/748"}],"wp:attachment":[{"href":"https:\/\/laltragarrotxa.com\/es\/wp-json\/wp\/v2\/media?parent=747"}],"curies":[{"name":"wp","href":"https:\/\/api.w.org\/{rel}","templated":true}]}}